{"id":100,"date":"2023-07-24T16:44:35","date_gmt":"2023-07-24T16:44:35","guid":{"rendered":"https:\/\/jodelduett.ch\/?page_id=100"},"modified":"2023-07-27T13:06:13","modified_gmt":"2023-07-27T13:06:13","slug":"hoerproben","status":"publish","type":"page","link":"https:\/\/jodelduett.ch\/?page_id=100","title":{"rendered":"H\u00f6rproben"},"content":{"rendered":"<p><span style=\"font-family: helvetica, arial, sans-serif;\"><em><span style=\"font-size: 10pt;\">(Nachfolgende H\u00f6rproben wurden 1998 spontan und ohne grosse Detailbearbeitung erstellt.)<\/span><\/em><\/span><\/p>\n<table style=\"width: 100%; border-collapse: collapse; background-color: #aad4a5;\">\n<tbody>\n<tr>\n<td style=\"width: 574px;\"><span style=\"font-size: 12pt; font-family: helvetica, arial, sans-serif;\"><strong>\u00a0 Jodellieder<\/strong><\/span><\/td>\n<\/tr>\n<\/tbody>\n<\/table>\n<p><span style=\"font-family: helvetica, arial, sans-serif; font-size: 10pt;\">\n<table id=\"tablepress-3\" class=\"tablepress tablepress-id-3\">\n<tbody class=\"row-hover\">\n<tr class=\"row-1 odd\">\n\t<td class=\"column-1\"><a href=\"https:\/\/jodelduett.ch\/wp-content\/uploads\/2023\/07\/Loend-doch-au-die-Roessli-springe-1.m4a\"><a href=\"https:\/\/jodelduett.ch\/wp-content\/uploads\/2023\/07\/Noten.gif\"><img src=\"https:\/\/jodelduett.ch\/wp-content\/uploads\/2023\/07\/Noten.gif\" alt=\"\" width=\"24\" height=\"27\" class=\"alignnone size-full wp-image-153\" \/><\/a><a href=\"https:\/\/jodelduett.ch\/wp-content\/uploads\/2023\/07\/Loend-doch-au-die-Roessli-springe-1.m4a\"><\/a><\/a><\/td><td class=\"column-2\"><strong><a href=\"https:\/\/jodelduett.ch\/wp-content\/uploads\/2023\/07\/Loend-doch-au-die-Roessli-springe-1.m4a\">L\u00f6nd doch au die R\u00f6ssli springe<\/a><\/strong><br \/>\n(Hanni Bracher)<\/td><td class=\"column-3\"><a href=\"https:\/\/jodelduett.ch\/wp-content\/uploads\/2023\/07\/Noten.gif\"><img src=\"https:\/\/jodelduett.ch\/wp-content\/uploads\/2023\/07\/Noten.gif\" alt=\"\" width=\"24\" height=\"27\" class=\"alignnone size-full wp-image-153\" \/><\/a><\/td><td class=\"column-4\"><strong><a href=\"https:\/\/jodelduett.ch\/wp-content\/uploads\/2023\/07\/Es-Schaetzeli.m4a\">Es Sch\u00e4tzeli<\/a><\/strong><br \/>\r\n(Adolf St\u00e4hli)<strong><\/td>\n<\/tr>\n<tr class=\"row-2 even\">\n\t<td class=\"column-1\"><a href=\"https:\/\/jodelduett.ch\/wp-content\/uploads\/2023\/07\/Noten.gif\"><img src=\"https:\/\/jodelduett.ch\/wp-content\/uploads\/2023\/07\/Noten.gif\" alt=\"\" width=\"24\" height=\"27\" class=\"alignnone size-full wp-image-153\" \/><\/a><\/td><td class=\"column-2\"><strong><a href=\"https:\/\/jodelduett.ch\/wp-content\/uploads\/2023\/07\/Aes-froehlichs-Lied-1.m4a\">\u00c4s fr\u00f6hlichs Lied<\/a><\/strong><br \/>\n(Maria Betschart)<\/td><td class=\"column-3\"><a href=\"https:\/\/jodelduett.ch\/wp-content\/uploads\/2023\/07\/Noten.gif\"><img src=\"https:\/\/jodelduett.ch\/wp-content\/uploads\/2023\/07\/Noten.gif\" alt=\"\" width=\"24\" height=\"27\" class=\"alignnone size-full wp-image-153\" \/><\/a><\/td><td class=\"column-4\"><strong><a href=\"https:\/\/jodelduett.ch\/wp-content\/uploads\/2023\/07\/Huett-wird-eis-gjoedelet.m4a\">H\u00fctt wird eis gj\u00f6delet<\/a><\/strong><br \/>\r\n(Albert von Allmen)<\/td>\n<\/tr>\n<tr class=\"row-3 odd\">\n\t<td class=\"column-1\"><a href=\"https:\/\/jodelduett.ch\/wp-content\/uploads\/2023\/07\/Noten.gif\"><img src=\"https:\/\/jodelduett.ch\/wp-content\/uploads\/2023\/07\/Noten.gif\" alt=\"\" width=\"24\" height=\"27\" class=\"alignnone size-full wp-image-153\" \/><\/a><\/td><td class=\"column-2\"><strong><a href=\"https:\/\/jodelduett.ch\/wp-content\/uploads\/2023\/07\/Es-glungnigs-Mandli-1.m4a\">Es glungnigs Mandli<\/a><\/strong><br \/>\n(Adolf St\u00e4hli)<\/td><td class=\"column-3\"><a href=\"https:\/\/jodelduett.ch\/wp-content\/uploads\/2023\/07\/Noten.gif\"><img src=\"https:\/\/jodelduett.ch\/wp-content\/uploads\/2023\/07\/Noten.gif\" alt=\"\" width=\"24\" height=\"27\" class=\"alignnone size-full wp-image-153\" \/><\/a><\/td><td class=\"column-4\"><strong><a href=\"https:\/\/jodelduett.ch\/wp-content\/uploads\/2023\/07\/Luschtigi-Luet.m4a\">Luschtigi L\u00fct<\/a><\/strong><br \/>\r\n(Adolf St\u00e4hli)<\/td>\n<\/tr>\n<tr class=\"row-4 even\">\n\t<td class=\"column-1\"><a href=\"https:\/\/jodelduett.ch\/wp-content\/uploads\/2023\/07\/Noten.gif\"><img src=\"https:\/\/jodelduett.ch\/wp-content\/uploads\/2023\/07\/Noten.gif\" alt=\"\" width=\"24\" height=\"27\" class=\"alignnone size-full wp-image-153\" \/><\/a><\/td><td class=\"column-2\"><strong><a href=\"https:\/\/jodelduett.ch\/wp-content\/uploads\/2023\/07\/Der-Chratzegg-Saemeli-1.m4a\">Der Chratzegg-S\u00e4meli<\/a><\/strong><br \/>\n(Adolf St\u00e4hli)<\/td><td class=\"column-3\"><a href=\"https:\/\/jodelduett.ch\/wp-content\/uploads\/2023\/07\/Noten.gif\"><img src=\"https:\/\/jodelduett.ch\/wp-content\/uploads\/2023\/07\/Noten.gif\" alt=\"\" width=\"24\" height=\"27\" class=\"alignnone size-full wp-image-153\" \/><\/a><\/td><td class=\"column-4\"><strong><a href=\"https:\/\/jodelduett.ch\/wp-content\/uploads\/2023\/07\/Uf-em-Laeubli.m4a\">Uf em L\u00e4ubli<\/a><\/strong><br \/>\r\n(Albert von Allmen)<\/td>\n<\/tr>\n<tr class=\"row-5 odd\">\n\t<td class=\"column-1\"><a href=\"https:\/\/jodelduett.ch\/wp-content\/uploads\/2023\/07\/Noten.gif\"><img src=\"https:\/\/jodelduett.ch\/wp-content\/uploads\/2023\/07\/Noten.gif\" alt=\"\" width=\"24\" height=\"27\" class=\"alignnone size-full wp-image-153\" \/><\/a><\/td><td class=\"column-2\"><strong><a href=\"https:\/\/jodelduett.ch\/wp-content\/uploads\/2023\/07\/Mit-em-Vater-zBaerg-1.m4a\">Mit em Vater z'B\u00e4rg<\/a><\/strong><br \/>\n(Maria Betschart)<\/td><td class=\"column-3\"><a href=\"https:\/\/jodelduett.ch\/wp-content\/uploads\/2023\/07\/Noten.gif\"><img src=\"https:\/\/jodelduett.ch\/wp-content\/uploads\/2023\/07\/Noten.gif\" alt=\"\" width=\"24\" height=\"27\" class=\"alignnone size-full wp-image-153\" \/><\/a><\/td><td class=\"column-4\"><strong><a href=\"https:\/\/jodelduett.ch\/wp-content\/uploads\/2023\/07\/Am-Dorfbrunnae.m4a\">Am Dorfbrunn\u00e4<\/a><\/strong><br \/>\r\n(Albert von Allmen)<\/td>\n<\/tr>\n<tr class=\"row-6 even\">\n\t<td class=\"column-1\"><a href=\"https:\/\/jodelduett.ch\/wp-content\/uploads\/2023\/07\/Noten.gif\"><img src=\"https:\/\/jodelduett.ch\/wp-content\/uploads\/2023\/07\/Noten.gif\" alt=\"\" width=\"24\" height=\"27\" class=\"alignnone size-full wp-image-153\" \/><\/a><\/td><td class=\"column-2\"><strong><a href=\"https:\/\/jodelduett.ch\/wp-content\/uploads\/2023\/07\/Freud-am-Laebae-1.m4a\">Freud am L\u00e4b\u00e4<\/a><\/strong><br \/>\n(Franz Stadelmann)<\/td><td class=\"column-3\"><a href=\"https:\/\/jodelduett.ch\/wp-content\/uploads\/2023\/07\/Noten.gif\"><img src=\"https:\/\/jodelduett.ch\/wp-content\/uploads\/2023\/07\/Noten.gif\" alt=\"\" width=\"24\" height=\"27\" class=\"alignnone size-full wp-image-153\" \/><\/a><\/td><td class=\"column-4\"><strong><a href=\"https:\/\/jodelduett.ch\/wp-content\/uploads\/2023\/07\/Ae-Jutz-aes-Liaed-fuer-Haerz-und-Gmueae.m4a\">\u00c4 Jutz, \u00e4s Li\u00e4d f\u00fcr H\u00e4rz und Gm\u00fc\u00e4t<\/a><\/strong><br \/>\r\n(Jakob Ummel)<\/strong><\/td>\n<\/tr>\n<tr class=\"row-7 odd\">\n\t<td class=\"column-1\"><a href=\"https:\/\/jodelduett.ch\/wp-content\/uploads\/2023\/07\/Noten.gif\"><img src=\"https:\/\/jodelduett.ch\/wp-content\/uploads\/2023\/07\/Noten.gif\" alt=\"\" width=\"24\" height=\"27\" class=\"alignnone size-full wp-image-153\" \/><\/a><\/td><td class=\"column-2\"><strong><a href=\"https:\/\/jodelduett.ch\/wp-content\/uploads\/2023\/07\/Es-Liedli-saelb-zwoeit-1.m4a\">Es Liedli s\u00e4lb zweit<\/a><\/strong><br \/>\n(Adolf St\u00e4hli)<\/td><td class=\"column-3\"><a href=\"https:\/\/jodelduett.ch\/wp-content\/uploads\/2023\/07\/Noten.gif\"><img src=\"https:\/\/jodelduett.ch\/wp-content\/uploads\/2023\/07\/Noten.gif\" alt=\"\" width=\"24\" height=\"27\" class=\"alignnone size-full wp-image-153\" \/><\/a><\/td><td class=\"column-4\"><strong><a href=\"https:\/\/jodelduett.ch\/wp-content\/uploads\/2023\/07\/Dankbarkeit.m4a\">Dankbarkeit<\/a><\/strong><br \/>\r\n(Franz Stadelmann)<\/td>\n<\/tr>\n<tr class=\"row-8 even\">\n\t<td class=\"column-1\"><a href=\"https:\/\/jodelduett.ch\/wp-content\/uploads\/2023\/07\/Noten.gif\"><img src=\"https:\/\/jodelduett.ch\/wp-content\/uploads\/2023\/07\/Noten.gif\" alt=\"\" width=\"24\" height=\"27\" class=\"alignnone size-full wp-image-153\" \/><\/a><\/td><td class=\"column-2\"><strong><a href=\"https:\/\/jodelduett.ch\/wp-content\/uploads\/2023\/07\/Lass-Dir-no-es-bitzli-Zyt-1.m4a\">Lass dir no es bitzli Zyt<\/a><\/strong><br \/>\r\n(Hans Aregger)<\/td><td class=\"column-3\"><a href=\"https:\/\/jodelduett.ch\/wp-content\/uploads\/2023\/07\/Noten.gif\"><img src=\"https:\/\/jodelduett.ch\/wp-content\/uploads\/2023\/07\/Noten.gif\" alt=\"\" width=\"24\" height=\"27\" class=\"alignnone size-full wp-image-153\" \/><\/a><\/td><td class=\"column-4\"><strong><a href=\"https:\/\/jodelduett.ch\/wp-content\/uploads\/2023\/07\/dr-Naeschtbutz.m4a\">Dr N\u00e4schtbutz<\/a><\/strong><br \/>\r\n(Franz Stadelmann)<\/td>\n<\/tr>\n<tr class=\"row-9 odd\">\n\t<td class=\"column-1\"><a href=\"https:\/\/jodelduett.ch\/wp-content\/uploads\/2023\/07\/Noten.gif\"><img src=\"https:\/\/jodelduett.ch\/wp-content\/uploads\/2023\/07\/Noten.gif\" alt=\"\" width=\"24\" height=\"27\" class=\"alignnone size-full wp-image-153\" \/><\/a><\/td><td class=\"column-2\"><strong><a href=\"https:\/\/jodelduett.ch\/wp-content\/uploads\/2023\/07\/Alpfriedae.m4a\">Alpfried\u00e4<\/a><\/strong><br \/>\r\n(Toni Zgraggen)<\/td><td class=\"column-3\"><a href=\"https:\/\/jodelduett.ch\/wp-content\/uploads\/2023\/07\/Noten.gif\"><img src=\"https:\/\/jodelduett.ch\/wp-content\/uploads\/2023\/07\/Noten.gif\" alt=\"\" width=\"24\" height=\"27\" class=\"alignnone size-full wp-image-153\" \/><\/a><\/td><td class=\"column-4\"><strong><a href=\"https:\/\/jodelduett.ch\/wp-content\/uploads\/2023\/07\/Mys-chlyne-Veieli.m4a\">Mys chlyne Veieli<\/a><\/strong><br \/>\n(Adolf St\u00e4hli)<\/td>\n<\/tr>\n<tr class=\"row-10 even\">\n\t<td class=\"column-1\"><a href=\"https:\/\/jodelduett.ch\/wp-content\/uploads\/2023\/07\/Noten.gif\"><img src=\"https:\/\/jodelduett.ch\/wp-content\/uploads\/2023\/07\/Noten.gif\" alt=\"\" width=\"24\" height=\"27\" class=\"alignnone size-full wp-image-153\" \/><\/a><\/td><td class=\"column-2\"><strong><a href=\"https:\/\/jodelduett.ch\/wp-content\/uploads\/2023\/07\/Mi-Aetti-und-mis-Mueetti.m4a\">Mi \u00c4tti und mis M\u00fceti<\/a><\/strong><br \/>\r\n(Franz Stadelmann)<\/td><td class=\"column-3\"><a href=\"https:\/\/jodelduett.ch\/wp-content\/uploads\/2023\/07\/Noten.gif\"><img src=\"https:\/\/jodelduett.ch\/wp-content\/uploads\/2023\/07\/Noten.gif\" alt=\"\" width=\"24\" height=\"27\" class=\"alignnone size-full wp-image-153\" \/><\/a><\/td><td class=\"column-4\"><strong><a href=\"https:\/\/jodelduett.ch\/wp-content\/uploads\/2023\/08\/Summertag.m4a\">Summertag<\/a><\/strong><br \/>\n(Ernst Sommer)<\/td>\n<\/tr>\n<\/tbody>\n<\/table>\n<!-- #tablepress-3 from cache --><\/span><\/p>\n<table style=\"width: 100%; border-collapse: collapse; background-color: #aad4a5;\">\n<tbody>\n<tr>\n<td style=\"width: 574px;\"><span style=\"font-size: 12pt; font-family: helvetica, arial, sans-serif;\"><strong>\u00a0 Naturj\u00fcz<\/strong><\/span><\/td>\n<\/tr>\n<\/tbody>\n<\/table>\n<p><span style=\"font-family: helvetica, arial, sans-serif; font-size: 10pt;\">\n<table id=\"tablepress-4\" class=\"tablepress tablepress-id-4\">\n<tbody class=\"row-hover\">\n<tr class=\"row-1 odd\">\n\t<td class=\"column-1\"><a href=\"https:\/\/jodelduett.ch\/wp-content\/uploads\/2023\/07\/Loend-doch-au-die-Roessli-springe-1.m4a\"><a href=\"https:\/\/jodelduett.ch\/wp-content\/uploads\/2023\/07\/Noten.gif\"><img src=\"https:\/\/jodelduett.ch\/wp-content\/uploads\/2023\/07\/Noten.gif\" alt=\"\" width=\"24\" height=\"27\" class=\"alignnone size-full wp-image-153\" \/><\/a><a href=\"https:\/\/jodelduett.ch\/wp-content\/uploads\/2023\/07\/Loend-doch-au-die-Roessli-springe-1.m4a\"><\/a><\/a><\/td><td class=\"column-2\"><strong><a href=\"https:\/\/jodelduett.ch\/wp-content\/uploads\/2023\/07\/Naturjuz1.mp3\">Naturjuz 1<\/a><\/strong><br \/>\n(Trad.)<\/td><td class=\"column-3\"><a href=\"https:\/\/jodelduett.ch\/wp-content\/uploads\/2023\/07\/Noten.gif\"><img src=\"https:\/\/jodelduett.ch\/wp-content\/uploads\/2023\/07\/Noten.gif\" alt=\"\" width=\"24\" height=\"27\" class=\"alignnone size-full wp-image-153\" \/><\/a><\/td><td class=\"column-4\"><strong><a href=\"https:\/\/jodelduett.ch\/wp-content\/uploads\/2023\/07\/Naturjuz4.mp3\">Naturjuz 4<\/a><\/strong><br \/>\n(Trad.)<\/td>\n<\/tr>\n<tr class=\"row-2 even\">\n\t<td class=\"column-1\"><a href=\"https:\/\/jodelduett.ch\/wp-content\/uploads\/2023\/07\/Noten.gif\"><img src=\"https:\/\/jodelduett.ch\/wp-content\/uploads\/2023\/07\/Noten.gif\" alt=\"\" width=\"24\" height=\"27\" class=\"alignnone size-full wp-image-153\" \/><\/a><\/td><td class=\"column-2\"><strong><a href=\"https:\/\/jodelduett.ch\/wp-content\/uploads\/2023\/07\/Naturjuz2.mp3\">Naturjuz 2<\/a><\/strong><br \/>\n(Trad.)<\/td><td class=\"column-3\"><a href=\"https:\/\/jodelduett.ch\/wp-content\/uploads\/2023\/07\/Noten.gif\"><img src=\"https:\/\/jodelduett.ch\/wp-content\/uploads\/2023\/07\/Noten.gif\" alt=\"\" width=\"24\" height=\"27\" class=\"alignnone size-full wp-image-153\" \/><\/a><\/td><td class=\"column-4\"><strong><a href=\"https:\/\/jodelduett.ch\/wp-content\/uploads\/2023\/07\/Naturjuz5.mp3\">Naturjuz 5<\/a><\/strong><br \/>\n(Trad.)<\/td>\n<\/tr>\n<tr class=\"row-3 odd\">\n\t<td class=\"column-1\"><a href=\"https:\/\/jodelduett.ch\/wp-content\/uploads\/2023\/07\/Noten.gif\"><img src=\"https:\/\/jodelduett.ch\/wp-content\/uploads\/2023\/07\/Noten.gif\" alt=\"\" width=\"24\" height=\"27\" class=\"alignnone size-full wp-image-153\" \/><\/a><\/td><td class=\"column-2\"><strong><a href=\"https:\/\/jodelduett.ch\/wp-content\/uploads\/2023\/07\/Naturzjuz3.mp3\">Naturjuz 3<\/a><\/strong><br \/>\n(Trad.)<\/td><td class=\"column-3\"><\/td><td class=\"column-4\"><\/td>\n<\/tr>\n<tr class=\"row-4 even\">\n\t<td class=\"column-1\"><\/td><td class=\"column-2\"><\/td><td class=\"column-3\"><\/td><td class=\"column-4\"><\/td>\n<\/tr>\n<\/tbody>\n<\/table>\n<!-- #tablepress-4 from cache --><\/span><\/p>\n<table style=\"width: 100%; border-collapse: collapse; background-color: #aad4a5;\">\n<tbody>\n<tr>\n<td style=\"width: 100%;\"><span style=\"font-size: 12pt; font-family: helvetica, arial, sans-serif;\"><strong>\u00a0 Jodlermesse<\/strong><\/span><\/td>\n<\/tr>\n<\/tbody>\n<\/table>\n<p><span style=\"font-family: helvetica, arial, sans-serif;\"><strong>Schwandermesse von Thomas Wieland<\/strong><\/span><\/p>\n<p><span style=\"font-family: helvetica, arial, sans-serif; font-size: 10pt;\">\n<table id=\"tablepress-5\" class=\"tablepress tablepress-id-5\">\n<tbody class=\"row-hover\">\n<tr class=\"row-1 odd\">\n\t<td class=\"column-1\"><a href=\"https:\/\/jodelduett.ch\/wp-content\/uploads\/2023\/07\/Loend-doch-au-die-Roessli-springe-1.m4a\"><a href=\"https:\/\/jodelduett.ch\/wp-content\/uploads\/2023\/07\/Noten.gif\"><img src=\"https:\/\/jodelduett.ch\/wp-content\/uploads\/2023\/07\/Noten.gif\" alt=\"\" width=\"24\" height=\"27\" class=\"alignnone size-full wp-image-153\" \/><\/a><a href=\"https:\/\/jodelduett.ch\/wp-content\/uploads\/2023\/07\/Loend-doch-au-die-Roessli-springe-1.m4a\"><\/a><\/a><\/td><td class=\"column-2\"><strong><a href=\"https:\/\/jodelduett.ch\/wp-content\/uploads\/2023\/07\/01_Miaer-sind-dahiae-z-Maess-cho.mp3\">Eingang<\/a><\/strong><br \/>\nMi\u00e4r sind da hi\u00e4 z'M\u00e4ss cho<\/td><td class=\"column-3\"><a href=\"https:\/\/jodelduett.ch\/wp-content\/uploads\/2023\/07\/Noten.gif\"><img src=\"https:\/\/jodelduett.ch\/wp-content\/uploads\/2023\/07\/Noten.gif\" alt=\"\" width=\"24\" height=\"27\" class=\"alignnone size-full wp-image-153\" \/><\/a><\/td><td class=\"column-4\"><strong><a href=\"https:\/\/jodelduett.ch\/wp-content\/uploads\/2023\/07\/04_Heilig.mp3\">Heilig<\/a><\/strong><br \/>\nHeilig, heilig, heilig, Herr, Gott aller M\u00e4cht<br \/>\n<\/td>\n<\/tr>\n<tr class=\"row-2 even\">\n\t<td class=\"column-1\"><a href=\"https:\/\/jodelduett.ch\/wp-content\/uploads\/2023\/07\/Noten.gif\"><img src=\"https:\/\/jodelduett.ch\/wp-content\/uploads\/2023\/07\/Noten.gif\" alt=\"\" width=\"24\" height=\"27\" class=\"alignnone size-full wp-image-153\" \/><\/a><\/td><td class=\"column-2\"><strong><a href=\"https:\/\/jodelduett.ch\/wp-content\/uploads\/2023\/07\/02_Hoech-im-Himmel.mp3\">Gloria<\/a><\/strong><br \/>\nH\u00f6ch im Himmel teuf uf \u00c4rde<\/td><td class=\"column-3\"><a href=\"https:\/\/jodelduett.ch\/wp-content\/uploads\/2023\/07\/Noten.gif\"><img src=\"https:\/\/jodelduett.ch\/wp-content\/uploads\/2023\/07\/Noten.gif\" alt=\"\" width=\"24\" height=\"27\" class=\"alignnone size-full wp-image-153\" \/><\/a><\/td><td class=\"column-4\"><strong><a href=\"https:\/\/jodelduett.ch\/wp-content\/uploads\/2023\/07\/05_Das-Wunder-isch-jetzt-gscheh.mp3\">Kommunionlied<\/a><\/strong><br \/>\nDas Wunder isch jetzt gscheh<\/td>\n<\/tr>\n<tr class=\"row-3 odd\">\n\t<td class=\"column-1\"><a href=\"https:\/\/jodelduett.ch\/wp-content\/uploads\/2023\/07\/Noten.gif\"><img src=\"https:\/\/jodelduett.ch\/wp-content\/uploads\/2023\/07\/Noten.gif\" alt=\"\" width=\"24\" height=\"27\" class=\"alignnone size-full wp-image-153\" \/><\/a><\/td><td class=\"column-2\"><strong><a href=\"https:\/\/jodelduett.ch\/wp-content\/uploads\/2023\/07\/03_Ueses-Laebae-Herr.mp3\">Gabenbereitung<\/a><\/strong><br \/>\n\u00dcsers L\u00e4be, Herr, chund vo diiner Chraft<\/td><td class=\"column-3\"><a href=\"https:\/\/jodelduett.ch\/wp-content\/uploads\/2023\/07\/Noten.gif\"><img src=\"https:\/\/jodelduett.ch\/wp-content\/uploads\/2023\/07\/Noten.gif\" alt=\"\" width=\"24\" height=\"27\" class=\"alignnone size-full wp-image-153\" \/><\/a><\/td><td class=\"column-4\"><strong><a href=\"https:\/\/jodelduett.ch\/wp-content\/uploads\/2023\/07\/06_Bevor-miaer-ufae-Heiwaeg-gand.mp3\">Segen<\/a><\/strong><br \/>\nBevor mi\u00e4r uf\u00e4 Heiw\u00e4g gahnd<\/td>\n<\/tr>\n<tr class=\"row-4 even\">\n\t<td class=\"column-1\"><\/td><td class=\"column-2\"><\/td><td class=\"column-3\"><\/td><td class=\"column-4\"><\/td>\n<\/tr>\n<\/tbody>\n<\/table>\n<!-- #tablepress-5 from cache --><\/span><\/p>\n<table style=\"width: 100%; border-collapse: collapse; background-color: #aad4a5;\">\n<tbody>\n<tr>\n<td style=\"width: 100%;\"><span style=\"font-size: 12pt; font-family: helvetica, arial, sans-serif;\"><strong>\u00a0 Hochzeitslieder f\u00fcr Kirche<\/strong><\/span><\/td>\n<\/tr>\n<\/tbody>\n<\/table>\n<p><span style=\"font-family: helvetica, arial, sans-serif; font-size: 10pt;\">\n<table id=\"tablepress-6\" class=\"tablepress tablepress-id-6\">\n<tbody class=\"row-hover\">\n<tr class=\"row-1 odd\">\n\t<td class=\"column-1\"><a href=\"https:\/\/jodelduett.ch\/wp-content\/uploads\/2023\/07\/Loend-doch-au-die-Roessli-springe-1.m4a\"><a href=\"https:\/\/jodelduett.ch\/wp-content\/uploads\/2023\/07\/Noten.gif\"><img src=\"https:\/\/jodelduett.ch\/wp-content\/uploads\/2023\/07\/Noten.gif\" alt=\"\" width=\"24\" height=\"27\" class=\"alignnone size-full wp-image-153\" \/><\/a><a href=\"https:\/\/jodelduett.ch\/wp-content\/uploads\/2023\/07\/Loend-doch-au-die-Roessli-springe-1.m4a\"><\/a><\/a><\/td><td class=\"column-2\"><strong><a href=\"https:\/\/jodelduett.ch\/wp-content\/uploads\/2023\/07\/MitdierwendmierdursLaebaegah.mp3\">Mit di\u00e4r wend mi\u00e4r durs L\u00e4b\u00e4 gah<\/a><\/strong><br \/>\n(Bernadette Rickenbacher)<\/td><td class=\"column-3\"><a href=\"https:\/\/jodelduett.ch\/wp-content\/uploads\/2023\/07\/Noten.gif\"><img src=\"https:\/\/jodelduett.ch\/wp-content\/uploads\/2023\/07\/Noten.gif\" alt=\"\" width=\"24\" height=\"27\" class=\"alignnone size-full wp-image-153\" \/><\/a><\/td><td class=\"column-4\"><strong><a href=\"https:\/\/jodelduett.ch\/wp-content\/uploads\/2023\/07\/Gottmierwenddierdanke.mp3\">Gott mi\u00e4r wend di\u00e4r dank\u00e4<\/a><\/strong><br \/>\n(Bernadette Rickenbacher)<\/td>\n<\/tr>\n<\/tbody>\n<\/table>\n<!-- #tablepress-6 from cache --><\/span><\/p>\n<p><span style=\"font-size: 10pt; font-family: helvetica, arial, sans-serif;\">(Zur Webseite von Bernadette Rickenbacher: <a href=\"https:\/\/bernadetterickenbachermoos.ch\/\" target=\"_blank\" rel=\"noopener\">https:\/\/bernadetterickenbachermoos.ch\/<\/a>)<\/span><\/p>\n","protected":false},"excerpt":{"rendered":"<p>(Nachfolgende H\u00f6rproben wurden 1998 spontan und ohne grosse Detailbearbeitung erstellt.) \u00a0 Jodellieder \u00a0 Naturj\u00fcz \u00a0 Jodlermesse Schwandermesse von Thomas Wieland \u00a0 Hochzeitslieder f\u00fcr Kirche (Zur Webseite von Bernadette Rickenbacher: https:\/\/bernadetterickenbachermoos.ch\/)<\/p>\n","protected":false},"author":1,"featured_media":0,"parent":0,"menu_order":0,"comment_status":"closed","ping_status":"closed","template":"","meta":[],"_links":{"self":[{"href":"https:\/\/jodelduett.ch\/index.php?rest_route=\/wp\/v2\/pages\/100"}],"collection":[{"href":"https:\/\/jodelduett.ch\/index.php?rest_route=\/wp\/v2\/pages"}],"about":[{"href":"https:\/\/jodelduett.ch\/index.php?rest_route=\/wp\/v2\/types\/page"}],"author":[{"embeddable":true,"href":"https:\/\/jodelduett.ch\/index.php?rest_route=\/wp\/v2\/users\/1"}],"replies":[{"embeddable":true,"href":"https:\/\/jodelduett.ch\/index.php?rest_route=%2Fwp%2Fv2%2Fcomments&post=100"}],"version-history":[{"count":27,"href":"https:\/\/jodelduett.ch\/index.php?rest_route=\/wp\/v2\/pages\/100\/revisions"}],"predecessor-version":[{"id":422,"href":"https:\/\/jodelduett.ch\/index.php?rest_route=\/wp\/v2\/pages\/100\/revisions\/422"}],"wp:attachment":[{"href":"https:\/\/jodelduett.ch\/index.php?rest_route=%2Fwp%2Fv2%2Fmedia&parent=100"}],"curies":[{"name":"wp","href":"https:\/\/api.w.org\/{rel}","templated":true}]}}